{"id":1162,"date":"2018-06-10T11:00:11","date_gmt":"2018-06-10T09:00:11","guid":{"rendered":"http:\/\/www.lusofonia-muenchen.de\/wordpress-2020\/archiv\/konzert-dandara-estrangeira\/"},"modified":"2021-11-05T16:43:44","modified_gmt":"2021-11-05T15:43:44","slug":"konzert-dandara-estrangeira","status":"publish","type":"archivbeitrag","link":"https:\/\/www.lusofonia-muenchen.de\/pt\/arquivo\/konzert-dandara-estrangeira\/","title":{"rendered":"Concerto: Dandara \u2013 Estrangeira"},"content":{"rendered":"<p>\u201cEu sou resultado da migra\u00e7\u00e3o de mulheres e homens corajosos que sa\u00edram de seus lugares de origem.\u201d<\/p>\n<p>Neste novo \u00e1lbum <em>Estrangeira<\/em> <strong>Dandara<\/strong> pesquisa sobre o corpo feminino em tr\u00e2nsito, sobre migra\u00e7\u00e3o, sobre a pot\u00eancia da alteridade e da ancestralidade. Realizado entre S\u00e3o Paulo e Zurique, tem a concep\u00e7\u00e3o de Dandara com a produ\u00e7\u00e3o musical de T\u00f3 Brandileone, Raul Misturada e Paulo Monarco. Po\u00e9tica, potente e tropical, Dandara reflete um \u201coutro\u201d Brasil, uma \u201coutra\u201d m\u00fasica brasileira sofisticada e contempor\u00e2nea com ra\u00edzes na MPB, na tradi\u00e7\u00e3o da can\u00e7\u00e3o brasileira e ritmos populares afrobrasileiros que flertam com o jazz e o groove americano, gerando um \u201cpop experimental brasileiro\u201d.<\/p>\n<p>No K\u00f6\u015fk a int\u00e9rprete por ess\u00eancia, cantora e performer, apresenta um show que passeia por <strong>can\u00e7\u00f5es de compositores contempor\u00e2neos de diferentes partes do Brasil e releituras de Jo\u00e3o Bosco, Geraldo Azevedo e Caetano Veloso<\/strong>. Artista do palco, visceral, canta com o corpo todo e conduz o p\u00fablico a mais do que um show, a uma experi\u00eancia perform\u00e1tica que integra diferentes linguagens art\u00edsticas (m\u00fasica, performance, poesia, artes visuais) de maneira magn\u00e9tica. O concerto faz parte do <strong>K\u00f6\u015fkival<\/strong> \u2013 <strong>Behinderung ist Rebellion<\/strong>, um festival de arte e cultura inclusiva e para todos que t\u00eam a mente aberta.<\/p>\n<p>Ao longo da sua carreira a Dandara tem colaborado com diversos artistas da m\u00fasica, dan\u00e7a, teatro, artes visuais e performance no Brasil e Europa. Seu \u00e1lbum de estreia, <em>Dois Tempos de Um Lugar<\/em>, em parceria com Paulo Monarco, foi lan\u00e7ado em 2016 com turn\u00eas no Brasil e na Europa. Entre janeiro e mar\u00e7o de 2016 Dandara foi bolseira da Villa Waldberta.<\/p>\n<p>O concerto \u00e9 ponto de partida para o <strong>veiculoSUR<\/strong>, um projeto que junta artistas pl\u00e1sticos, core\u00f3grafos, dramaturgos, bailarinos e performers de v\u00e1rios lugares do mundo para uma reflex\u00e3o art\u00edstica e program\u00e1tica sobre corpo\/corpos nas suas rela\u00e7\u00f5es com o espa\u00e7o urbano.<\/p>\n<p><strong>Dandara Modesto &#8211; Voz e Guitarra<br \/>\n<\/strong><strong>Mauricio Caruso &#8211; Guitarra e Viol\u00e3o<\/strong><\/p>\n<p><img loading=\"lazy\" decoding=\"async\" title=\"Logo-Koesk\" src=\"https:\/\/www.lusofonia-muenchen.de\/wordpress-2020\/wp-content\/uploads\/2020\/09\/KO_SK-logo_schwarz.jpg\" alt=\"Logo-Koesk\" width=\"130\" height=\"79\" \/><\/p>\n<p>Um evento em coopera\u00e7\u00e3o com LUSOFONIA e.V. com o apoio do departamento cultural da cidade de Munique<\/p>\n","protected":false},"excerpt":{"rendered":"<p>A cantora e performer Dandara apresenta um show que passeia por can\u00e7\u00f5es de compositores contempor\u00e2neos de diferentes partes do Brasil. \u00c9 acompanhada pelo guitarista Mauricio Caruso.<\/p>\n","protected":false},"author":5,"featured_media":510,"template":"","meta":{"_acf_changed":false,"inline_featured_image":false},"categories":[67,38,51],"autor":[61,231],"land":[72],"jahr":[167],"acf":[],"_links":{"self":[{"href":"https:\/\/www.lusofonia-muenchen.de\/pt\/wp-json\/wp\/v2\/archivbeitrag\/1162"}],"collection":[{"href":"https:\/\/www.lusofonia-muenchen.de\/pt\/wp-json\/wp\/v2\/archivbeitrag"}],"about":[{"href":"https:\/\/www.lusofonia-muenchen.de\/pt\/wp-json\/wp\/v2\/types\/archivbeitrag"}],"author":[{"embeddable":true,"href":"https:\/\/www.lusofonia-muenchen.de\/pt\/wp-json\/wp\/v2\/users\/5"}],"wp:featuredmedia":[{"embeddable":true,"href":"https:\/\/www.lusofonia-muenchen.de\/pt\/wp-json\/wp\/v2\/media\/510"}],"wp:attachment":[{"href":"https:\/\/www.lusofonia-muenchen.de\/pt\/wp-json\/wp\/v2\/media?parent=1162"}],"wp:term":[{"taxonomy":"category","embeddable":true,"href":"https:\/\/www.lusofonia-muenchen.de\/pt\/wp-json\/wp\/v2\/categories?post=1162"},{"taxonomy":"autor","embeddable":true,"href":"https:\/\/www.lusofonia-muenchen.de\/pt\/wp-json\/wp\/v2\/autor?post=1162"},{"taxonomy":"land","embeddable":true,"href":"https:\/\/www.lusofonia-muenchen.de\/pt\/wp-json\/wp\/v2\/land?post=1162"},{"taxonomy":"jahr","embeddable":true,"href":"https:\/\/www.lusofonia-muenchen.de\/pt\/wp-json\/wp\/v2\/jahr?post=1162"}],"curies":[{"name":"wp","href":"https:\/\/api.w.org\/{rel}","templated":true}]}}