{"id":979,"date":"2015-03-26T19:30:35","date_gmt":"2015-03-26T18:30:35","guid":{"rendered":"http:\/\/www.lusofonia-muenchen.de\/wordpress-2020\/archiv\/leitura-e-debate-fim-de-festa-a-juventude-perdida-do-sul-da-europa\/"},"modified":"2020-09-17T01:03:56","modified_gmt":"2020-09-16T23:03:56","slug":"leitura-e-debate-fim-de-festa-a-juventude-perdida-do-sul-da-europa","status":"publish","type":"archivbeitrag","link":"https:\/\/www.lusofonia-muenchen.de\/pt\/arquivo\/leitura-e-debate-fim-de-festa-a-juventude-perdida-do-sul-da-europa\/","title":{"rendered":"Leitura e debate: Fim de Festa. A juventude perdida do Sul da Europa"},"content":{"rendered":"<p>A crise na Europa tem vindo a transformar muitos europeus em refugiados econ\u00f3micos.<\/p>\n<p>Por isso a hist\u00f3ria de Miguel Szymanski, que fugiu \u00e0 crise para ir viver em Frankfurt com a sua fam\u00edlia, serve de paradigma para in\u00fameros destinos. O seu livro olha bem para o interior da crise. \u00c9 um olhar sobre as vidas reais que existem por detr\u00e1s de economia e pol\u00edtica: s\u00e3o cenas do quotidiano, algumas bem caricatas, outras amargas. O livro n\u00e3o deixa de tematizar a posi\u00e7\u00e3o alem\u00e3, sendo assim um relato bem documentado\u00a0 da realidade socio-pol\u00edtica. E contem toda a emo\u00e7\u00e3o de algu\u00e9m envolvido no pr\u00f3prio assunto e que testemunha muito pessoalmente um di\u00e1logo intercultural, por vezes algo conflituoso.<\/p>\n<p>Visando a problem\u00e1tica da emigra\u00e7\u00e3o, as perspetivas atuais da juventude europeia e a perce\u00e7\u00e3o relativa \u00e0 Alemanha por parte dos pa\u00edses do sul da Europa haver\u00e1 um debate entre o autor e o jovem polit\u00f3logo grego<strong> Charalampos \u201eBabis\u201c Karpouchtsis<\/strong> que levar\u00e1 para a discuss\u00e3o mais outro olhar europeu.<\/p>\n<p><span style=\"text-decoration: underline;\">Com<\/span> Miguel Szymanski e Charalampos Karpouchtsis<br \/>\n<span style=\"text-decoration: underline;\">Modera\u00e7\u00e3o<\/span>: Volker Isfort, diretor da reda\u00e7\u00e3o cultural do di\u00e1rio AZ<\/p>\n<p>Entrada livre, pede-se que se fa\u00e7a reserva<br \/>\nPara mais informa\u00e7\u00f5es e reserva : <a href=\"http:\/\/www.bayernforum.de\/veranstaltungen\/detail\/ende+der+fiesta.+s%C3%BCdeuropas+verlorene+jugend\/seminar\/367.html\" target=\"_blank\" rel=\"noopener noreferrer\">www.fes.de\/lnk\/fiestamuenchen<\/a><br \/>\nOu por email: <a href=\"https:\/\/3c.gmx.net\/mail\/client\/mail\/mailto;jsessionid=17F09065DADE9633C7833DAEF8E1DCC7-n4.bs38a?to=bayernforum%40fes.de\">bayernforum@fes.de<\/a><\/p>\n<p><strong>Rroom <\/strong>im <strong>Lothringer 13<br \/>\n<\/strong>Lothringer Str. 13<br \/>\n81667 M\u00fcnchen<br \/>\n<a href=\"http:\/\/www.lothringer13.de\/\" target=\"_parent\" rel=\"noopener noreferrer\">www.lothringer13.de<\/a><strong>\u00a0<\/strong><\/p>\n<p>Um evento do BayernForum da funda\u00e7\u00e3o Friedrich-Ebert<br \/>\nEm coopera\u00e7\u00e3o com Lusofonia e. V.<br \/>\nCom o apoio da editora K\u00f6sel-Verlag<\/p>\n","protected":false},"excerpt":{"rendered":"<p>Com o seu livro \u00a0Ende der Fiesta. S\u00fcdeuropas verlorene Jugend (Fim de Festa. A juventude perdida do Sul da Europa) o autor luso-alem\u00e3o Miguel Szymanski dirige um olhar profundo sobre a crise europeia e sobre os destinos que se escondem por detr\u00e1s das negocia\u00e7\u00f5es de ordem pol\u00edtica e econ\u00f3mica. Entre o autor e Charalampos \u201eBabis\u201c Karpouchtsis, de nacionalidade grega e formado em ci\u00eancias pol\u00edticas, haver\u00e1 um debate sobre a procura de trabalho na emigra\u00e7\u00e3o, as atuais perspetivas da juventude europeia assim como sobre a perce\u00e7\u00e3o relativa \u00e0 Alemanha por parte dos pa\u00edses do sul da Europa.<\/p>\n","protected":false},"author":8,"featured_media":680,"template":"","meta":{"_acf_changed":false,"inline_featured_image":false},"categories":[28,33],"autor":[],"land":[],"jahr":[125],"acf":[],"_links":{"self":[{"href":"https:\/\/www.lusofonia-muenchen.de\/pt\/wp-json\/wp\/v2\/archivbeitrag\/979"}],"collection":[{"href":"https:\/\/www.lusofonia-muenchen.de\/pt\/wp-json\/wp\/v2\/archivbeitrag"}],"about":[{"href":"https:\/\/www.lusofonia-muenchen.de\/pt\/wp-json\/wp\/v2\/types\/archivbeitrag"}],"author":[{"embeddable":true,"href":"https:\/\/www.lusofonia-muenchen.de\/pt\/wp-json\/wp\/v2\/users\/8"}],"wp:featuredmedia":[{"embeddable":true,"href":"https:\/\/www.lusofonia-muenchen.de\/pt\/wp-json\/wp\/v2\/media\/680"}],"wp:attachment":[{"href":"https:\/\/www.lusofonia-muenchen.de\/pt\/wp-json\/wp\/v2\/media?parent=979"}],"wp:term":[{"taxonomy":"category","embeddable":true,"href":"https:\/\/www.lusofonia-muenchen.de\/pt\/wp-json\/wp\/v2\/categories?post=979"},{"taxonomy":"autor","embeddable":true,"href":"https:\/\/www.lusofonia-muenchen.de\/pt\/wp-json\/wp\/v2\/autor?post=979"},{"taxonomy":"land","embeddable":true,"href":"https:\/\/www.lusofonia-muenchen.de\/pt\/wp-json\/wp\/v2\/land?post=979"},{"taxonomy":"jahr","embeddable":true,"href":"https:\/\/www.lusofonia-muenchen.de\/pt\/wp-json\/wp\/v2\/jahr?post=979"}],"curies":[{"name":"wp","href":"https:\/\/api.w.org\/{rel}","templated":true}]}}