{"id":249,"date":"2020-09-09T12:25:21","date_gmt":"2020-09-09T10:25:21","guid":{"rendered":"http:\/\/www.lusofonia-muenchen.de\/wordpress-2020\/?page_id=249"},"modified":"2021-11-08T17:12:15","modified_gmt":"2021-11-08T16:12:15","slug":"aviso-legal","status":"publish","type":"page","link":"https:\/\/www.lusofonia-muenchen.de\/pt\/aviso-legal\/","title":{"rendered":"Aviso legal"},"content":{"rendered":"\n<div class=\"wp-block-columns spaltenbreite-100prozent-tablet is-layout-flex wp-container-core-columns-layout-1 wp-block-columns-is-layout-flex\">\n<div class=\"wp-block-column is-layout-flow wp-block-column-is-layout-flow\" style=\"flex-basis:66.66%\">\n<h1 class=\"wp-block-heading\">Aviso legal<\/h1>\n\n\n\n<h5 class=\"wp-block-heading\">LUSOFONIA e.V. (associa\u00e7\u00e3o registada)<br>Associa\u00e7\u00e3o de Divulga\u00e7\u00e3o das Culturas de L\u00edngua Portuguesa<\/h5>\n\n\n\n<p>c\/o Lu\u00edsa Costa H\u00f6lzl<br>Augustenstr. 50<br>80333 Munique<br>Alemanha<\/p>\n\n\n\n<h6 class=\"wp-block-heading\">RESPONS\u00c1VEL POR LEI ALEM\u00c3 \u00a7 6 ABS.2 MDSTV<\/h6>\n\n\n\n<h5 class=\"wp-block-heading\">LUSOFONIA e.V.<\/h5>\n\n\n\n<p>Presidente: Lu\u00edsa Costa H\u00f6lzl<br>Augustenstr. 50<br>80333 Munique<\/p>\n\n\n\n<p>Alemanha<br>Telefone 0049 \u2013 89 \u2013 52 33 694<br>Fax 0049 \u2013 89 \u2013 54 20 738<br><a href=\"mailto:info@lusofonia-muenchen.de\">info@lusofonia-muenchen.de<\/a><br><\/p>\n\n\n\n<h6 class=\"wp-block-heading\">ASSIOCIA\u00c7\u00c3O REGISTADA<\/h6>\n\n\n\n<p>VR 202350<br>Amtsgericht M\u00fcnchen<br>Steuernummer 143\/218\/90947<br>Finanzamt M\u00fcnchen<br><\/p>\n\n\n\n<h6 class=\"wp-block-heading\">IDENTIFICA\u00c7\u00c3O BANC\u00c1RIA<\/h6>\n\n\n\n<p>LUSOFONIA e.V.<br>IBAN: DE75 7509 0300 0002 1228 80<br>BIC:\u00a0GENODEF1M05<br>LIGA Bank M\u00fcnchen<br><\/p>\n\n\n\n<p><\/p>\n\n\n\n<h6 class=\"wp-block-heading\">Conceito &amp; Design<\/h6>\n\n\n\n<p><a href=\"http:\/\/www.artes.de\/\" target=\"_blank\" rel=\"noreferrer noopener\">ARTES advertising. GmbH<\/a><\/p>\n\n\n\n<p><\/p>\n<\/div>\n\n\n\n<div class=\"wp-block-column is-layout-flow wp-block-column-is-layout-flow\" style=\"flex-basis:33.33%\"><\/div>\n<\/div>\n\n\n\n<p><\/p>\n","protected":false},"excerpt":{"rendered":"<p>Aviso legal LUSOFONIA e.V. (associa\u00e7\u00e3o registada)Associa\u00e7\u00e3o de Divulga\u00e7\u00e3o das Culturas de L\u00edngua Portuguesa c\/o Lu\u00edsa Costa H\u00f6lzlAugustenstr. 5080333 MuniqueAlemanha RESPONS\u00c1VEL POR LEI ALEM\u00c3 \u00a7 6 ABS.2 MDSTV LUSOFONIA e.V. Presidente: Lu\u00edsa Costa H\u00f6lzlAugustenstr. 5080333 Munique AlemanhaTelefone 0049 \u2013 89 \u2013 52 33 694Fax 0049 \u2013 89 \u2013 54 20 738info@lusofonia-muenchen.de ASSIOCIA\u00c7\u00c3O REGISTADA VR 202350Amtsgericht M\u00fcnchenSteuernummer [&hellip;]<\/p>\n","protected":false},"author":1,"featured_media":0,"parent":0,"menu_order":0,"comment_status":"closed","ping_status":"closed","template":"","meta":{"_acf_changed":false,"inline_featured_image":false,"footnotes":""},"acf":[],"_links":{"self":[{"href":"https:\/\/www.lusofonia-muenchen.de\/pt\/wp-json\/wp\/v2\/pages\/249"}],"collection":[{"href":"https:\/\/www.lusofonia-muenchen.de\/pt\/wp-json\/wp\/v2\/pages"}],"about":[{"href":"https:\/\/www.lusofonia-muenchen.de\/pt\/wp-json\/wp\/v2\/types\/page"}],"author":[{"embeddable":true,"href":"https:\/\/www.lusofonia-muenchen.de\/pt\/wp-json\/wp\/v2\/users\/1"}],"replies":[{"embeddable":true,"href":"https:\/\/www.lusofonia-muenchen.de\/pt\/wp-json\/wp\/v2\/comments?post=249"}],"version-history":[{"count":9,"href":"https:\/\/www.lusofonia-muenchen.de\/pt\/wp-json\/wp\/v2\/pages\/249\/revisions"}],"predecessor-version":[{"id":1749,"href":"https:\/\/www.lusofonia-muenchen.de\/pt\/wp-json\/wp\/v2\/pages\/249\/revisions\/1749"}],"wp:attachment":[{"href":"https:\/\/www.lusofonia-muenchen.de\/pt\/wp-json\/wp\/v2\/media?parent=249"}],"curies":[{"name":"wp","href":"https:\/\/api.w.org\/{rel}","templated":true}]}}