{"id":279,"date":"2020-09-09T15:38:13","date_gmt":"2020-09-09T13:38:13","guid":{"rendered":"http:\/\/www.lusofonia-muenchen.de\/wordpress-2020\/?page_id=279"},"modified":"2023-11-18T21:23:29","modified_gmt":"2023-11-18T20:23:29","slug":"formulario-membro-apoiante","status":"publish","type":"page","link":"https:\/\/www.lusofonia-muenchen.de\/pt\/formulario-membro-apoiante\/","title":{"rendered":"Formul\u00e1rio Membro Apoiante"},"content":{"rendered":"\n<h1 class=\"wp-block-heading\">Formul\u00e1rio Membro Apoiante<\/h1>\n\n\n\n<div class=\"wp-block-columns is-layout-flex wp-container-core-columns-layout-1 wp-block-columns-is-layout-flex\">\n<div class=\"wp-block-column is-layout-flow wp-block-column-is-layout-flow\" style=\"flex-basis:66.66%\">\n<p>Os seus dados ser\u00e3o tratados confidencialmente e utilizados apenas para os fins da associa\u00e7\u00e3o. Como membro apoiante, receber\u00e1 informa\u00e7\u00f5es preferenciais sobre os eventos planeados se nos fornecer o seu endere\u00e7o de e-mail.<\/p>\n\n\n\n<div class=\"wpcf7 no-js\" id=\"wpcf7-f278-o1\" lang=\"pt\" dir=\"ltr\">\n<div class=\"screen-reader-response\"><p role=\"status\" aria-live=\"polite\" aria-atomic=\"true\"><\/p> <ul><\/ul><\/div>\n<form action=\"\/pt\/wp-json\/wp\/v2\/pages\/279#wpcf7-f278-o1\" method=\"post\" class=\"wpcf7-form init\" aria-label=\"Contact form\" novalidate=\"novalidate\" data-status=\"init\">\n<div style=\"display: none;\">\n<input type=\"hidden\" name=\"_wpcf7\" value=\"278\" \/>\n<input type=\"hidden\" name=\"_wpcf7_version\" value=\"5.9.5\" \/>\n<input type=\"hidden\" name=\"_wpcf7_locale\" value=\"pt\" \/>\n<input type=\"hidden\" name=\"_wpcf7_unit_tag\" value=\"wpcf7-f278-o1\" \/>\n<input type=\"hidden\" name=\"_wpcf7_container_post\" value=\"0\" \/>\n<input type=\"hidden\" name=\"_wpcf7_posted_data_hash\" value=\"\" \/>\n<\/div>\n<p><span class=\"wpcf7-form-control-wrap\" data-name=\"vorname\"><input size=\"40\" class=\"wpcf7-form-control wpcf7-text wpcf7-validates-as-required\" aria-required=\"true\" aria-invalid=\"false\" placeholder=\"prenome *\" value=\"\" type=\"text\" name=\"vorname\" \/><\/span><br \/>\n<span class=\"wpcf7-form-control-wrap\" data-name=\"nachname\"><input size=\"40\" class=\"wpcf7-form-control wpcf7-text wpcf7-validates-as-required\" aria-required=\"true\" aria-invalid=\"false\" placeholder=\"sobrenome *\" value=\"\" type=\"text\" name=\"nachname\" \/><\/span><br \/>\n<span class=\"wpcf7-form-control-wrap\" data-name=\"organisation\"><input size=\"40\" class=\"wpcf7-form-control wpcf7-text\" aria-invalid=\"false\" placeholder=\"firma\/organiza\u00e7\u00e3o\" value=\"\" type=\"text\" name=\"organisation\" \/><\/span><br \/>\n<span class=\"wpcf7-form-control-wrap\" data-name=\"emailaddress\"><input size=\"40\" class=\"wpcf7-form-control wpcf7-email wpcf7-validates-as-required wpcf7-text wpcf7-validates-as-email\" aria-required=\"true\" aria-invalid=\"false\" placeholder=\"e-mail *\" value=\"\" type=\"email\" name=\"emailaddress\" \/><\/span><br \/>\n<span class=\"wpcf7-form-control-wrap\" data-name=\"telefon\"><input size=\"40\" class=\"wpcf7-form-control wpcf7-tel wpcf7-text wpcf7-validates-as-tel\" aria-invalid=\"false\" placeholder=\"telefone\" value=\"\" type=\"tel\" name=\"telefon\" \/><\/span>\n<\/p>\n<p><input class=\"wpcf7-form-control wpcf7-submit has-spinner\" type=\"submit\" value=\"enviar\" \/>\n<\/p><div class=\"wpcf7-response-output\" aria-hidden=\"true\"><\/div>\n<\/form>\n<\/div>\n\n\n\n\n<p>A LUSOFONIA e.V. \u00e9 uma organiza\u00e7\u00e3o sem fins lucrativos para a divulga\u00e7\u00e3o das culturas dos pa\u00edses de l\u00edngua portuguesa desde 2009. A organiza\u00e7\u00e3o trabalha numa base volunt\u00e1ria e \u00e9 financiada por donativos e financiamento p\u00fablico.<\/p>\n<\/div>\n\n\n\n<div class=\"wp-block-column is-layout-flow wp-block-column-is-layout-flow\" style=\"flex-basis:33.33%\"><\/div>\n<\/div>\n","protected":false},"excerpt":{"rendered":"<p>Formul\u00e1rio Membro Apoiante Os seus dados ser\u00e3o tratados confidencialmente e utilizados apenas para os fins da associa\u00e7\u00e3o. Como membro apoiante, receber\u00e1 informa\u00e7\u00f5es preferenciais sobre os eventos planeados se nos fornecer o seu endere\u00e7o de e-mail. A LUSOFONIA e.V. \u00e9 uma organiza\u00e7\u00e3o sem fins lucrativos para a divulga\u00e7\u00e3o das culturas dos pa\u00edses de l\u00edngua portuguesa desde [&hellip;]<\/p>\n","protected":false},"author":1,"featured_media":0,"parent":0,"menu_order":0,"comment_status":"closed","ping_status":"closed","template":"","meta":{"_acf_changed":false,"inline_featured_image":false,"footnotes":""},"acf":[],"_links":{"self":[{"href":"https:\/\/www.lusofonia-muenchen.de\/pt\/wp-json\/wp\/v2\/pages\/279"}],"collection":[{"href":"https:\/\/www.lusofonia-muenchen.de\/pt\/wp-json\/wp\/v2\/pages"}],"about":[{"href":"https:\/\/www.lusofonia-muenchen.de\/pt\/wp-json\/wp\/v2\/types\/page"}],"author":[{"embeddable":true,"href":"https:\/\/www.lusofonia-muenchen.de\/pt\/wp-json\/wp\/v2\/users\/1"}],"replies":[{"embeddable":true,"href":"https:\/\/www.lusofonia-muenchen.de\/pt\/wp-json\/wp\/v2\/comments?post=279"}],"version-history":[{"count":8,"href":"https:\/\/www.lusofonia-muenchen.de\/pt\/wp-json\/wp\/v2\/pages\/279\/revisions"}],"predecessor-version":[{"id":2258,"href":"https:\/\/www.lusofonia-muenchen.de\/pt\/wp-json\/wp\/v2\/pages\/279\/revisions\/2258"}],"wp:attachment":[{"href":"https:\/\/www.lusofonia-muenchen.de\/pt\/wp-json\/wp\/v2\/media?parent=279"}],"curies":[{"name":"wp","href":"https:\/\/api.w.org\/{rel}","templated":true}]}}