{"id":1543,"date":"2021-01-24T10:29:23","date_gmt":"2021-01-24T09:29:23","guid":{"rendered":"https:\/\/www.lusofonia-muenchen.de\/wordpress-2020\/?post_type=termin&#038;p=1543"},"modified":"2021-10-24T12:22:39","modified_gmt":"2021-10-24T10:22:39","slug":"museen-und-sammlungen-online","status":"publish","type":"termin","link":"https:\/\/www.lusofonia-muenchen.de\/pt\/programacao\/museen-und-sammlungen-online\/","title":{"rendered":"Museus e cole\u00e7\u00f5es online"},"content":{"rendered":"\n<p>Um convite a visitar, a partir do sof\u00e1, diversas exposi\u00e7\u00f5es e cole\u00e7\u00f5es do mundo lus\u00f3fono. Aqui alguns links para museus que oferecem visitas guiadas, \u00e0s vezes s\u00f3 fotografias, outras vezes passeios virtuais, quase sempre em portugu\u00eas, tamb\u00e9m em ingl\u00eas. Caminhar pelos sites traz agrad\u00e1veis surpresas.<\/p>\n\n\n\n<p><a href=\"http:\/\/pinacoteca.org.br\/en\/8303-2\/\">PINACOTECA DE S\u00c3O PAULO<\/a><\/p>\n\n\n\n<p><a href=\"https:\/\/artsandculture.google.com\/exhibit\/descubra-o-museu-nacional\/5gJywQA_-ABfJw?hl=pt\">MUSEU NACIONAL DO RIO DE JANEIRO<\/a><\/p>\n\n\n\n<p><a href=\"https:\/\/museuafrodigital.ufba.br\/\">MUSEU AFRO-DIGITAL, SALVADOR, BAHIA<\/a><\/p>\n\n\n\n<p><a href=\"http:\/\/www.museudearteantiga.pt\/educacao\/mnaa-em-casa\">MUSEU DE ARTE ANTIGA, LISSABON<\/a><\/p>\n\n\n\n<p><a href=\"https:\/\/gulbenkian.pt\/museu\/colecoes\/visita-virtual\/\">MUSEU GULBENKIAN, LISSABON<\/a><\/p>\n\n\n\n<p><a href=\"https:\/\/gulbenkian.pt\/descobrir\/agenda\/o-jardim-gulbenkian-uma-visita-digital\/\">PARK DES GULBENKIAN-MUSEUMS IN LISSABON<br><\/a>(em l\u00edngua gestual)<\/p>\n\n\n\n<p><a href=\"https:\/\/lisboasecreta.co\/25-museus-virtuais-visitar-sofa\/\">und weitere Angebote in Lissabon<\/a><\/p>\n\n\n\n<p><a href=\"https:\/\/www.serralves.pt\/\">FUNDA\u00c7\u00c3O DE SERRALVES IN PORTO<\/a><\/p>\n","protected":false},"excerpt":{"rendered":"<p>Um convite a visitar, a partir do sof\u00e1, diversas exposi\u00e7\u00f5es e cole\u00e7\u00f5es do mundo lus\u00f3fono.<\/p>\n","protected":false},"author":5,"featured_media":1447,"template":"","meta":{"_acf_changed":false,"inline_featured_image":false},"categories":[65],"autor":[],"land":[72,43],"jahr":[177],"acf":[],"_links":{"self":[{"href":"https:\/\/www.lusofonia-muenchen.de\/pt\/wp-json\/wp\/v2\/termin\/1543"}],"collection":[{"href":"https:\/\/www.lusofonia-muenchen.de\/pt\/wp-json\/wp\/v2\/termin"}],"about":[{"href":"https:\/\/www.lusofonia-muenchen.de\/pt\/wp-json\/wp\/v2\/types\/termin"}],"author":[{"embeddable":true,"href":"https:\/\/www.lusofonia-muenchen.de\/pt\/wp-json\/wp\/v2\/users\/5"}],"wp:featuredmedia":[{"embeddable":true,"href":"https:\/\/www.lusofonia-muenchen.de\/pt\/wp-json\/wp\/v2\/media\/1447"}],"wp:attachment":[{"href":"https:\/\/www.lusofonia-muenchen.de\/pt\/wp-json\/wp\/v2\/media?parent=1543"}],"wp:term":[{"taxonomy":"category","embeddable":true,"href":"https:\/\/www.lusofonia-muenchen.de\/pt\/wp-json\/wp\/v2\/categories?post=1543"},{"taxonomy":"autor","embeddable":true,"href":"https:\/\/www.lusofonia-muenchen.de\/pt\/wp-json\/wp\/v2\/autor?post=1543"},{"taxonomy":"land","embeddable":true,"href":"https:\/\/www.lusofonia-muenchen.de\/pt\/wp-json\/wp\/v2\/land?post=1543"},{"taxonomy":"jahr","embeddable":true,"href":"https:\/\/www.lusofonia-muenchen.de\/pt\/wp-json\/wp\/v2\/jahr?post=1543"}],"curies":[{"name":"wp","href":"https:\/\/api.w.org\/{rel}","templated":true}]}}