{"id":2363,"date":"2024-05-24T08:45:10","date_gmt":"2024-05-24T06:45:10","guid":{"rendered":"https:\/\/www.lusofonia-muenchen.de\/?post_type=termin&#038;p=2363"},"modified":"2024-05-28T20:50:02","modified_gmt":"2024-05-28T18:50:02","slug":"um-passeio-pela-literatura-brasileira-do-romantismo-ao-modernismo","status":"publish","type":"termin","link":"https:\/\/www.lusofonia-muenchen.de\/pt\/programacao\/um-passeio-pela-literatura-brasileira-do-romantismo-ao-modernismo\/","title":{"rendered":"Um passeio pela literatura brasileira \u2013 do Romantismo ao Modernismo"},"content":{"rendered":"\n<p>H\u00e1 um ano foi inaugurada auspiciosamente a s\u00e9rie &#8220;Grandes Autores Brasileiros&#8221;, idealizada pelo diplomata e escritor <strong>Jo\u00e3o Almino<\/strong>. Ela faz parte da Cole\u00e7\u00e3o Cultura e Diplomacia da Funda\u00e7\u00e3o Alexandre de Gusm\u00e3o <strong>\u2013<\/strong> FUNAG, em parceria com o Instituto Guimar\u00e3es Rosa, e re\u00fane reflex\u00f5es de renomados intelectuais contempor\u00e2neos sobre cl\u00e1ssicos da literatura brasileira.<\/p>\n\n\n\n<p>Dos 12 ensaios, bilingues (portugu\u00eas \/ alem\u00e3o) e acess\u00edveis, publicados at\u00e9 ao momento, quatro j\u00e1 foram apresentados. Desta vez come\u00e7amos com <strong>Gon\u00e7alves Dia<\/strong>s e a sua <em>Can\u00e7\u00e3o do Ex\u00edlio<\/em>, que lan\u00e7a as bases para a quest\u00e3o da identidade brasileira, e continuamos com <strong>Lima Barreto<\/strong>, o escritor \u201cmilitante e esquecido\u201d (ensaio de Lilia Moritz Schwarcz). <em>Modernismos em transe<\/em> \u00e9 dedicado a figuras-chave dessa \u00e9poca, tendo como contra imagem a obra de <strong>Graciliano Ramos<\/strong>, um <em>progressista conservador<\/em> nas palavras de Luiz Ruffato. A apresenta\u00e7\u00e3o se encerra com quatro autoras do s\u00e9culo XX: <strong>Rachel de Queiroz<\/strong>, <strong>Carolina de Jesus<\/strong>, <strong>Clarice Lispector<\/strong> e <strong>Hilda Hilst<\/strong>, hoje consolidadas no c\u00e2none liter\u00e1rio brasileiro gra\u00e7as a uma cr\u00edtica atenta.<\/p>\n\n\n\n<p><strong>Lu\u00edsa Costa H\u00f6lzl<\/strong> apresenta a s\u00e9rie e l\u00ea alguns trechos das obras abordadas.<\/p>\n\n\n\n<p>O passeio liter\u00e1rio ser\u00e1 acompanhado por <strong>Abdallah Harati<\/strong> (viol\u00e3o) e <strong>M\u00e1rcio Schuster<\/strong> (saxofone), dois grandes m\u00fasicos brasileiros baseados em Munique.<\/p>\n","protected":false},"excerpt":{"rendered":"<p>Pela segunda vez, o Consulado Geral do Brasil em Munique, a Biblioteca Municipal de Bogenhausen e a Lusofonia e.V. convidam-no para um alegre passeio pela literatura brasileira. Nesta noite ser\u00e3o apresentados textos ensa\u00edsticos dedicados a grandes autores e autoras brasileiros, como Gon\u00e7alves Dias e Lima Barreto, Clarice Lispector e Hilda Hilst. <\/p>\n<p>Abdallah Harati (viol\u00e3o) e M\u00e1rcio Schuster (saxofone) acompanhar\u00e3o a noite com m\u00fasica.<br \/>\nO evento, moderado por Lu\u00edsa Costa H\u00f6lzl, vai decorrer em alem\u00e3o e em portugu\u00eas.<\/p>\n","protected":false},"author":5,"featured_media":2362,"template":"","meta":{"_acf_changed":false,"inline_featured_image":false},"categories":[33,38],"autor":[279,368,189,364,366,369,315,365,206,372,367],"land":[72],"jahr":[349],"acf":[],"_links":{"self":[{"href":"https:\/\/www.lusofonia-muenchen.de\/pt\/wp-json\/wp\/v2\/termin\/2363"}],"collection":[{"href":"https:\/\/www.lusofonia-muenchen.de\/pt\/wp-json\/wp\/v2\/termin"}],"about":[{"href":"https:\/\/www.lusofonia-muenchen.de\/pt\/wp-json\/wp\/v2\/types\/termin"}],"author":[{"embeddable":true,"href":"https:\/\/www.lusofonia-muenchen.de\/pt\/wp-json\/wp\/v2\/users\/5"}],"wp:featuredmedia":[{"embeddable":true,"href":"https:\/\/www.lusofonia-muenchen.de\/pt\/wp-json\/wp\/v2\/media\/2362"}],"wp:attachment":[{"href":"https:\/\/www.lusofonia-muenchen.de\/pt\/wp-json\/wp\/v2\/media?parent=2363"}],"wp:term":[{"taxonomy":"category","embeddable":true,"href":"https:\/\/www.lusofonia-muenchen.de\/pt\/wp-json\/wp\/v2\/categories?post=2363"},{"taxonomy":"autor","embeddable":true,"href":"https:\/\/www.lusofonia-muenchen.de\/pt\/wp-json\/wp\/v2\/autor?post=2363"},{"taxonomy":"land","embeddable":true,"href":"https:\/\/www.lusofonia-muenchen.de\/pt\/wp-json\/wp\/v2\/land?post=2363"},{"taxonomy":"jahr","embeddable":true,"href":"https:\/\/www.lusofonia-muenchen.de\/pt\/wp-json\/wp\/v2\/jahr?post=2363"}],"curies":[{"name":"wp","href":"https:\/\/api.w.org\/{rel}","templated":true}]}}