{"id":2433,"date":"2025-02-15T10:17:39","date_gmt":"2025-02-15T09:17:39","guid":{"rendered":"https:\/\/www.lusofonia-muenchen.de\/?post_type=termin&#038;p=2433"},"modified":"2025-02-15T13:48:34","modified_gmt":"2025-02-15T12:48:34","slug":"festival-de-choro-de-munique-2025","status":"publish","type":"termin","link":"https:\/\/www.lusofonia-muenchen.de\/pt\/programacao\/festival-de-choro-de-munique-2025\/","title":{"rendered":"Festival de Ch\u00f4ro de Munique 2025"},"content":{"rendered":"\n<p>O choro, irm\u00e3o mais velho do samba, \u00e9 amado, tocado e celebrado n\u00e3o s\u00f3 em todo o Brasil, como tamb\u00e9m em muitos outros lugares do mundo. \u00c9 um tipo de m\u00fasica que exige grande virtuosismo tanto nos instrumentos cl\u00e1ssicos como na percuss\u00e3o e junta de forma harmoniosa ra\u00edzes de m\u00fasica erudita com m\u00fasica popular.<\/p>\n\n\n\n<p>Munique tornar-se-\u00e1, pela quarta vez, a capital europeia do choro, ao apresentar um festival no centro cultural LUISE: haver\u00e1 concertos, palestras, oficinas para adultos e crian\u00e7as, rodas de choro e comida brasileira.<\/p>\n\n\n\n<p><strong>CALEND\u00c1RIO DO FESTIVAL<\/strong><\/p>\n\n\n\n<p>SEXTA-FEIRA, 7 DE MAR\u00c7O<\/p>\n\n\n\n<p>12-14 hrs:&nbsp;Ensaio de <strong>Band\u00e3o (coro\/orquestra)<\/strong> com <strong>S\u00e9rgio Albach<\/strong><\/p>\n\n\n\n<p><strong>S\u00e9rgio Albach<\/strong> \u00e9 clarinetista, arranjador, compositor, maestro e curador. Em 2002, assumiu a dire\u00e7\u00e3o art\u00edstica da Orquestra \u00e0 Base de Sopro de Curitiba. Como pesquisador de choro, lan\u00e7ou os projetos \u201cChoro no Sebo\u201d, \u201cNo TUC tem Choro\u201d e, em 2001, a \u201cRoda de Choro do Conservat\u00f3rio de MPB\u201d, que existe at\u00e9 hoje. Como clarinetista, lan\u00e7ou seu primeiro CD solo <em>Clarineteando<\/em> em 2010. Ao lado de Glauco S\u00f6lter e Vina Lacerda, integra o Trio Mano a Mano, grupo que j\u00e1 realizou turn\u00eas pelo Brasil, Am\u00e9rica Latina e Europa. De 2002 a 2015 foi curador da Oficina de M\u00fasica Popular Brasileira em Curitiba. Em 2023, S\u00e9rgio Albach publicou <em>Clarone no Choro 2<\/em>.<\/p>\n\n\n\n<p>14:30-17:30 hrs:<strong>&nbsp;Masterclasses <\/strong>com<strong>&nbsp;Lucas Telles<\/strong>&nbsp;(viol\u00e3o e instrumentos de harmonia),&nbsp;<strong>Abel Borges<\/strong>&nbsp;(percuss\u00e3o e pandeiro) e<strong> Marcio Schuster<\/strong>&nbsp;(instrumentos de melodia)<\/p>\n\n\n\n<p><strong>Lucas Telles<\/strong> \u00e9 um dos nomes mais reconhecidos no cen\u00e1rio musical de Minas Gerais, com uma carreira que abrange composi\u00e7\u00e3o, viol\u00e3o, produ\u00e7\u00e3o musical e educa\u00e7\u00e3o. Como professor do Departamento de Voz e Instrumentos, leciona e oferece cursos de produ\u00e7\u00e3o musical, grava\u00e7\u00e3o e pr\u00e1tica de conjunto. Tamb\u00e9m dirige a Orquestra de Choro da Universidade Federal de Minas Gerais. Recebeu v\u00e1rios pr\u00e9mios pelo seu trabalho inovador e aclamado. Como compositor, lan\u00e7ou seu primeiro \u00e1lbum solo <em>Outono<\/em> em 2019 e o single <em>Modinha do Adeus<\/em> em 2021. Lucas se apresenta regularmente em festivais e eventos internacionais, tendo partilhado o palco com \u00edcones da m\u00fasica instrumental brasileira.<\/p>\n\n\n\n<p><strong>Abel Borges<\/strong>, percussionista, compositor, violonista e arranjador, estudou teoria musical e piano na Universidade do Estado de Minas Gerais e aprendeu teoria e pr\u00e1tica musical no Centro de Forma\u00e7\u00e3o Art\u00edstica do Pal\u00e1cio das Artes quando adolescente. Estudou com o mestre cubano Santiago Heiter e concluiu o bacharelado em M\u00fasica Popular pela Universidade Federal de Minas Gerais. Em 2021, lan\u00e7ou seu primeiro disco, <em>Alafi\u00e1<\/em>, com refer\u00eancias ind\u00edgenas, africanas e latino-americanas que fazem parte de sua forma\u00e7\u00e3o. Colaborou como percussionista no \u00e1lbum <em>Mais Samba<\/em> e \u00e9 integrante do premiado grupo Toca de Tatu. Tamb\u00e9m constr\u00f3i e restaura guitarras.<\/p>\n\n\n\n<p><strong>Marcio Schuster<\/strong> \u00e9 m\u00fasico, multi-instrumentista, compositor e arranjador, produtor musical e empres\u00e1rio com mestrado em saxofone pela prestigiosa Escola Superior de M\u00fasica e Teatro de Munique. Marcio tem uma vasta experi\u00eancia como solista e membro de v\u00e1rias forma\u00e7\u00f5es musicais no Brasil e na Alemanha. O compositor Nikolai Br\u00fccher dedicou-lhe o concerto para saxofone, orquestra de cordas e percuss\u00e3o. Est\u00e1 envolvido em projetos e forma\u00e7\u00f5es como Bavasch\u00f4ro, Marcio Schuster Trio, Electroreeds e Black Shoes, com apresenta\u00e7\u00f5es em palcos internacionais. Em 2015 lan\u00e7ou o \u00e1lbum <em>PraQuem<\/em> com o Marcio Schuster Trio.<\/p>\n\n\n\n<p>18 hrs:<strong>\u00a0Concerto de abertura <\/strong>com<strong> S\u00e9rgio Albach\u00a0<\/strong>seguido de\u00a0<strong>Roda de Choro<\/strong><\/p>\n\n\n\n<p>O talentoso <strong>S\u00e9rgio Albach<\/strong>, virtuoso do clarinete, apresentar\u00e1 um concerto que destaca e coteja as diversas facetas do choro. S\u00e9rgio demonstrar\u00e1 o delicado equil\u00edbrio entre melodia, contraponto, acompanhamento harm\u00f3nico e percuss\u00e3o. Ele convida m\u00fasicos selecionados para se juntarem a ele.<\/p>\n\n\n\n<p>S\u00c1BADO, 8 DE MAR\u00c7O<\/p>\n\n\n\n<p>9-12 hrs:<strong>&nbsp;Masterclasses <\/strong>com<strong>&nbsp;Lucas Telles<\/strong>&nbsp;(viol\u00e3o e instrumentos de harmonia),&nbsp;<strong>Abel Borges<\/strong>&nbsp;(percuss\u00e3o e pandeiro)e<strong> Marcio Schuster<\/strong>&nbsp;(instrumentos de melodia)<\/p>\n\n\n\n<p>13:30-15:30 hrs: Ensaio de<strong> Band\u00e3o <\/strong>com <strong>S\u00e9rgio Albach<\/strong><\/p>\n\n\n\n<p>13:30 hrs:<strong>&nbsp;Curso de Bodypercussion<\/strong> <strong>para crian\u00e7as<\/strong> a partir dos 7 anos com&nbsp;<strong>Ludwig Himpsl<\/strong><\/p>\n\n\n\n<p>Ludwig Himpsl introduz, de maneira l\u00fadica, as crian\u00e7as no vasto mundo do ritmo.<\/p>\n\n\n\n<p><strong>Ludwig Maximilian Himpsl<\/strong>, m\u00fasico e multi-instrumentista, trabalha como m\u00fasico freelancer.&nbsp; Em 2013, concluiu o curso de trompa na Escola Superior de M\u00fasica de W\u00fcrzburg. Teve aulas de instrumentos de percuss\u00e3o de v\u00e1rias origens com professores de renome como Glen Velez, Zohar Fresco, Aleix Tobias e Misirli Ahmet. Desde h\u00e1 dez anos que ensina r\u00edtmica na Bodeschule de Munique. Foi distinguido com uma bolsa de estudo de m\u00fasica da cidade de Munique pelas suas realiza\u00e7\u00f5es art\u00edsticas. Atualmente, est\u00e1 envolvido na pe\u00e7a \u201cSternstunden der Menschheit\u201d (Grandes Momentos da Humanidade) no Residenztheater em Munique.<\/p>\n\n\n\n<p>15:30-17 hrs:<strong> Elementos de composi\u00e7\u00e3o e improvisa\u00e7\u00e3o no choro \u2013 Oficina <\/strong>com<strong> Lucas Ladeia <\/strong>e<strong> Lu\u00edsa Mitre<\/strong><\/p>\n\n\n\n<p>A estrutura e composi\u00e7\u00e3o do choro e a particularidade das cad\u00eancias harm\u00f3nicas.<\/p>\n\n\n\n<p><strong>Lucas Ladeia <\/strong>\u00e9 compositor e arranjador e toca cavaquinho com os grupos Assanhado Quarteto e Toca de Tatu, com os quais, at\u00e9 o momento, j\u00e1 realizou sete turn\u00eas internacionais. Em 2022, lan\u00e7ou seu primeiro disco solo <em>Cavaquinho em Todos os Tons<\/em>, Vol. 1 e 2. Apresentou-se em importantes festivais internacionais e tocou e gravou com grandes nomes da m\u00fasica brasileira. Apresenta suas pr\u00f3prias pe\u00e7as e arranjos para cavaquinho em seu canal no YouTube. Al\u00e9m de suas atividades art\u00edsticas e educacionais, atualmente desenvolve sua tese de doutorado na Universidade Federal de Minas Gerais sobre a performance musical do cavaquinho brasileiro.<\/p>\n\n\n\n<p><strong>Lu\u00edsa Mitre<\/strong> \u00e9 pianista e compositora. \u00c9 professora de piano e m\u00fasica popular na Universidade de S\u00e3o Jo\u00e3o Del-Rei. \u00c9 bacharel em Piano e M\u00fasica Popular e mestre em Performance Musical pela Universidade Federal de Minas Gerais. Tem colaborado com diversos artistas em concertos e grava\u00e7\u00f5es e se apresentado com seus projetos no campo da m\u00fasica instrumental brasileira. Em 2018 lan\u00e7ou o \u00e1lbum <em>Oferenda<\/em> e em 2021 o \u00e1lbum <em>Seiva<\/em> com o duo Mitre (junto com sua irm\u00e3 Nat\u00e1lia Mitre). Tamb\u00e9m toca com o grupo Toca de Tatu, com o qual j\u00e1 lan\u00e7ou tr\u00eas CDs e fez turn\u00eas no exterior.<\/p>\n\n\n\n<p>17 hrs: <strong>Concerto<\/strong> com <strong>Caiana Duo<\/strong><\/p>\n\n\n\n<p><strong>Jo\u00e3o Ara\u00fajo<\/strong> (pandeiro) e <strong>Abdallah Harati<\/strong> (viol\u00e3o 7 cordas) formam o n\u00facleo da m\u00fasica de choro em Munique. Eles vivem a tradi\u00e7\u00e3o da m\u00fasica brasileira com todos os sentidos e, como aficionados chor\u00f5es organizam a \u201cRoda de Choro de Munique\u201d. O Caiana Duo \u00e9 um embaixador incans\u00e1vel do choro.<\/p>\n\n\n\n<p>19 hrs:&nbsp;<strong>Concerto<\/strong>&nbsp;com&nbsp;<strong>Toca de Tatu <\/strong>de Belo Horizonte<\/p>\n\n\n\n<p><strong>Toca de Tatu<\/strong> nos oferece um som \u00fanico que, respeitando a tradi\u00e7\u00e3o musical brasileira, respira um esp\u00edrito inovador. Os quatro m\u00fasicos excepcionais abrem o choro para o mundo do jazz. Nos seus arranjos, aperfei\u00e7oam pe\u00e7as de autoria pr\u00f3pria e de compositores consagrados, transitando por diferentes \u00e1reas da m\u00fasica instrumental brasileira, desde balan\u00e7o e fraseado do choro (precursor do samba) at\u00e9 \u00e0 liberdade de improvisa\u00e7\u00e3o do jazz e \u00e0 abordagem camer\u00edstica da m\u00fasica de concerto. O grupo j\u00e1 lan\u00e7ou tr\u00eas \u00e1lbuns: <em>Meu amigo Radam\u00e9s<\/em> (2013), <em>Afinidade<\/em> (2017) e <em>Toca de Tatu<\/em> (2021).<\/p>\n\n\n\n<p>Com:<br>Lu\u00edsa Camargo Mitre de Oliveira (piano)<br>Abel Ferreira de Borges (percuss\u00e3o)<br>Lucas Pimentel Telles (viol\u00e3o 7 cordas)<br>Lucas Ladeia Ribeiro (cavaquinho)&nbsp;&nbsp;&nbsp;&nbsp;&nbsp;&nbsp;&nbsp;<\/p>\n\n\n\n<p>DOMINGO, 9 DE MAR\u00c7O<\/p>\n\n\n\n<p>9:30-11 hrs:&nbsp;Ensaio de<strong> Band\u00e3o <\/strong>com <strong>S\u00e9rgio Albach<\/strong><\/p>\n\n\n\n<p>11-12:30 hrs:&nbsp;<strong>Elementos de composi\u00e7\u00e3o e improvisa\u00e7\u00e3o no choro \u2013 Oficina <\/strong>com<strong> Lucas Ladeia <\/strong>e<strong> Lu\u00edsa Mitre<\/strong><\/p>\n\n\n\n<p>Varia\u00e7\u00f5es r\u00edtmicas e mel\u00f3dicas no choro e exerc\u00edcios pr\u00e1ticos de improvisa\u00e7\u00e3o.<\/p>\n\n\n\n<p>11:30 hrs: <strong>Concerto infantil<\/strong> com <strong>Fl\u00e1vio Nunes<\/strong> (viol\u00e3o de 7 cordas), <strong>Monique Rocha<\/strong> (voz) e <strong>Eudinho Soares<\/strong> (cavaquinho)<\/p>\n\n\n\n<p>Os tr\u00eas m\u00fasicos brasileiros v\u00e3o apresentar o mundo da m\u00fasica brasileira \u00e0s crian\u00e7as presentes e aos mais que o queiram ser. O que \u00e9 que um viol\u00e3o de sete cordas, um cavaquinho de cinco cordas e uma voz podem invocar e narrar? Descubram isso neste concerto. As crian\u00e7as at\u00e9 aos 12 anos n\u00e3o pagam entrada, por\u00e9m podem trazer os pais pagantes.<\/p>\n\n\n\n<p><strong>Eudinho Soares<\/strong> \u00e9 tocador de cavaquinho, violonista, compositor e l\u00edder de banda brasileiro. Estudou m\u00fasica na Universidade Estadual do Cear\u00e1, em Fortaleza, e na Academia de M\u00fasica Hanns Eisler, em Berlim. Ao longo de sua carreira, tem feito apresenta\u00e7\u00f5es em reputados festivais de m\u00fasica e participado de in\u00fameras grava\u00e7\u00f5es e pe\u00e7as teatrais. Fl\u00e1vio Nunes combina samba de raiz, ch\u00f4ro, MPB, forr\u00f3, bossa nova, blues, reggae e jazz manouche com precis\u00e3o virtuosa e paix\u00e3o. Para o Festival de Ch\u00f4ro de Munique convidou a cantora carioca <strong>Monique Rocha<\/strong> que partilha a sua paix\u00e3o pelo samba, bossa nova e baladas brasileiras.<\/p>\n\n\n\n<p>13:30 hrs: Apresenta\u00e7\u00e3o do <strong>Band\u00e3o<\/strong>, em seguida <strong>Roda de Choro<\/strong><\/p>\n\n\n\n<p>Todos os m\u00fasicos participantes com seus diferentes instrumentos e em sua diversidade apresentam o som maravilhoso que tr\u00eas dias criativos v\u00e3o fazer surgir: o som do band\u00e3o! A apresenta\u00e7\u00e3o \u00e9 seguida de mais uma animada Roda de Choro. Haver\u00e1 tamb\u00e9m feijoada.<\/p>\n\n\n\n<p>16 hrs:<strong> Palestra<\/strong> e <strong>bate-papo<\/strong> sobre <strong>Literatura e choro, ou: machetes, polcas e composi\u00e7\u00f5es frustradas<\/strong> com <strong>Lu\u00edsa Costa H\u00f6lzl<\/strong><\/p>\n\n\n\n<p>Neste encontro liter\u00e1rio prestamos homenagem ao choro, m\u00fasica de enorme pluralidade, com ra\u00edzes africanas e europeias, uma simbiose fascinante que exige dos executantes grande virtuosismo.<\/p>\n\n\n\n<p><strong>Lu\u00edsa Costa H\u00f6lzl<\/strong>, com forma\u00e7\u00e3o em literatura e leitora entusiasmada de Machado de Assis (1839-1908) apresentar\u00e1 tr\u00eas contos deste escritor brasileiro cuja tem\u00e1tica \u00e9 a m\u00fasica na \u00e9poca do Imp\u00e9rio, no Rio de Janeiro, que, num esfor\u00e7o de se estabelecer como m\u00fasica erudita para uma burguesia culta, acaba por manter ou mesmo redescobrir, n\u00e3o sem conflitos, as suas ra\u00edzes populares.<\/p>\n\n\n\n<p>18 hrs: <strong>Concerto<\/strong> com <strong>Bavasch\u00f4ro<\/strong> feat. <strong>Dandara Modesto<\/strong><\/p>\n\n\n\n<p>A sonoridade excepcional do <strong>Bavasch\u00f4ro<\/strong>, que mistura ch\u00f4ros brasileiros famosos com letras e refer\u00eancias a pe\u00e7as b\u00e1varas, se encontra com a voz \u00fanica e a brilhante presen\u00e7a de <strong>Dandara Modesto<\/strong>. Arranjos maravilhosos com trompa francesa, guitarra portuguesa, fliscorne e tuba transitam entre harmonias jazz\u00edsticas, partes vocais mel\u00f3dicas e a chamada <em>Gem\u00fctlichkeit<\/em>, esse bem-estar t\u00edpico da Baviera.<\/p>\n\n\n\n<p>Com:<br>Dandara Modesto (voz)<br>Henrique de Miranda Rebou\u00e7as (viol\u00e3o de 7 cordas)<br>Ludwig Himpsl (trompa, tuba, percuss\u00e3o\/pandeiro)<br>Xaver Himpsl (trompete, fliscorne)<br>Lu\u00eds Maria H\u00f6lzl (guitarra portuguesa, cavaquinho, violino)<\/p>\n","protected":false},"excerpt":{"rendered":"<p>Munique tornar-se-\u00e1, pela quarta vez, a capital europeia do choro, ao apresentar um festival no centro cultural LUISE: haver\u00e1 concertos, palestras, oficinas para adultos* e crian\u00e7as, rodas de choro e comida brasileira. <\/p>\n<p>*participantes ativos nas oficinas dever\u00e3o tocar um instrumento<\/p>\n","protected":false},"author":5,"featured_media":2424,"template":"","meta":{"_acf_changed":false,"inline_featured_image":false},"categories":[33,38],"autor":[279,381,62,309,389,388,386,15,275,382,380,235,16,274,206,385,234,387,332,384,236],"land":[72],"jahr":[379],"acf":[],"_links":{"self":[{"href":"https:\/\/www.lusofonia-muenchen.de\/pt\/wp-json\/wp\/v2\/termin\/2433"}],"collection":[{"href":"https:\/\/www.lusofonia-muenchen.de\/pt\/wp-json\/wp\/v2\/termin"}],"about":[{"href":"https:\/\/www.lusofonia-muenchen.de\/pt\/wp-json\/wp\/v2\/types\/termin"}],"author":[{"embeddable":true,"href":"https:\/\/www.lusofonia-muenchen.de\/pt\/wp-json\/wp\/v2\/users\/5"}],"wp:featuredmedia":[{"embeddable":true,"href":"https:\/\/www.lusofonia-muenchen.de\/pt\/wp-json\/wp\/v2\/media\/2424"}],"wp:attachment":[{"href":"https:\/\/www.lusofonia-muenchen.de\/pt\/wp-json\/wp\/v2\/media?parent=2433"}],"wp:term":[{"taxonomy":"category","embeddable":true,"href":"https:\/\/www.lusofonia-muenchen.de\/pt\/wp-json\/wp\/v2\/categories?post=2433"},{"taxonomy":"autor","embeddable":true,"href":"https:\/\/www.lusofonia-muenchen.de\/pt\/wp-json\/wp\/v2\/autor?post=2433"},{"taxonomy":"land","embeddable":true,"href":"https:\/\/www.lusofonia-muenchen.de\/pt\/wp-json\/wp\/v2\/land?post=2433"},{"taxonomy":"jahr","embeddable":true,"href":"https:\/\/www.lusofonia-muenchen.de\/pt\/wp-json\/wp\/v2\/jahr?post=2433"}],"curies":[{"name":"wp","href":"https:\/\/api.w.org\/{rel}","templated":true}]}}