{"id":2506,"date":"2025-07-09T15:00:00","date_gmt":"2025-07-09T13:00:00","guid":{"rendered":"https:\/\/www.lusofonia-muenchen.de\/?post_type=termin&#038;p=2506"},"modified":"2025-07-09T15:27:06","modified_gmt":"2025-07-09T13:27:06","slug":"poesia-de-ana-luisa-amaral-e-adilia-lopes-um-serao-com-eduardo-sterzi-odile-kennel-e-michael-kegler","status":"publish","type":"termin","link":"https:\/\/www.lusofonia-muenchen.de\/pt\/programacao\/poesia-de-ana-luisa-amaral-e-adilia-lopes-um-serao-com-eduardo-sterzi-odile-kennel-e-michael-kegler\/","title":{"rendered":"Poesia de Ana Lu\u00edsa Amaral e Ad\u00edlia Lopes \u2013 um ser\u00e3o com Eduardo Sterzi, Odile Kennel e Michael Kegler"},"content":{"rendered":"\n<p><\/p>\n\n\n\n<p><em>\u201cQueria um poema de respira\u00e7\u00e3o tensa \/\/ e sem pudor.\u201d <\/em>(Ana Lu\u00edsa Amaral)<\/p>\n\n\n\n<p><em>\u201cA poetisa \u00e9 a mulher-a-dias \/\/ arruma o poema \/\/ como arruma a casa\u201d <\/em>(Ad\u00edlia Lopes)<\/p>\n\n\n\n<p>Neste ser\u00e3o vamos ouvir as vozes l\u00edricas de duas poetas portuguesas, <strong>Ana Lu\u00edsa Amaral<\/strong> (1956-2022) e <strong>Ad\u00edlia Lopes<\/strong> (1960-2024). Al\u00e9m dos poemas haver\u00e1 uma conversa com os tradutores <strong>Odile Kennel<\/strong> e <strong>Michael Kegler<\/strong> e o poeta brasileiro <strong>Eduardo Sterzi<\/strong>.<\/p>\n\n\n\n<p>A obra completa de Ana Lu\u00edsa Amaral foi publicada poucos meses antes da sua morte sob o t\u00edtulo \u201cO olhar diagonal das coisas\u201d, enquanto Ad\u00edlia Lopes reuniu em 2024 os seus poemas de 1983 a 2023 sob o t\u00edtulo \u201cDobra\u201d, ambas as obras sob a chancela da conceituada editora Ass\u00edrio&amp;Alvim.<\/p>\n\n\n\n<p>Para al\u00e9m de pertencerem \u00e0 mesma gera\u00e7\u00e3o, as poetas partilham uma atitude cr\u00edtica em rela\u00e7\u00e3o a uma cultura dominada pelo machismo, assim como a heran\u00e7a das tradi\u00e7\u00f5es liter\u00e1rias e art\u00edsticas e uma abordagem agridoce e quase divertida das coisas do quotidiano.<\/p>\n\n\n\n<p>O ser\u00e3o ser\u00e1 introduzido e moderado por <strong>Lu\u00edsa Costa H\u00f6lzl<\/strong>.<\/p>\n\n\n\n<p><strong>Ana Lu\u00edsa Amaral<\/strong>, nascida em Lisboa em 1956, cresceu no Porto, onde viveu e foi professora universit\u00e1ria de literatura inglesa e americana. Al\u00e9m de pioneira nos estudos de g\u00e9nero, publicou a partir de 1990 quase 20 volumes de poesia e tamb\u00e9m livros infantis e foi distinguida com v\u00e1rios pr\u00e9mios. Para al\u00e9m de alguns poemas em revistas, \u201cWas ist ein Name\u201d (Hanser Edition Lyrik Kabinett, 2021) apresenta em alem\u00e3o, na tradu\u00e7\u00e3o de Michael Kegler e Piero Salab\u00e8, poemas de v\u00e1rias \u00e9pocas. Ana Lu\u00edsa Amaral faleceu no Porto em 2022.<\/p>\n\n\n\n<p><strong>Ad\u00edlia Lopes<\/strong> (pseud\u00f3nimo de Maria Jos\u00e9 da Silva Viana Fidalgo de Oliveira) nasceu em Lisboa em 1960 e a\u00ed faleceu a 30 de dezembro de 2024. Estudou literatura e lingu\u00edstica portuguesa e francesa na Universidade de Lisboa e estreou-se em 1985 com o seu primeiro volume de poesia, a que se seguiram cerca de 40 outras publica\u00e7\u00f5es ao longo da sua vida. \u201cClube da poetisa morta\u201d foi publicado em 2001 em tradu\u00e7\u00e3o alem\u00e3, al\u00e9m de alguns outros poemas em revistas e online.<\/p>\n\n\n\n<p><strong>Odile Kennel<\/strong>, poeta e tradutora franco-alem\u00e3, escreve em alem\u00e3o e franc\u00eas e gosta de meter outras l\u00ednguas na sua escrita. Traduz para alem\u00e3o poesia contempor\u00e2nea de franc\u00eas, portugu\u00eas, espanhol e ingl\u00eas.&nbsp; Em 2022, foi-lhe atribu\u00eddo o Pr\u00e9mio Paul Scheerbart pelas suas tradu\u00e7\u00f5es de poesia. O seu livro de poemas <em>irgendetwas dazwischen<\/em>&nbsp;(editora Verlagshaus Berlin 2023) recebeu o Pr\u00e9mio D\u00f6rlemann da Hotlist of Independent Publishers.<\/p>\n\n\n\n<p><strong>Michael Kegler<\/strong> nasceu em Giessen em 1967 e passou parte da sua inf\u00e2ncia na Lib\u00e9ria e no Brasil. Trabalhou como livreiro e jornalista e, desde o final da d\u00e9cada de 1990, tem vindo a traduzir do portugu\u00eas, em suas m\u00faltiplas variantes. Em 2014, recebeu o Pr\u00e9mio de Tradu\u00e7\u00e3o Straelen e em 2016, juntamente com o autor brasileiro Luiz Ruffato, que traduz, o Pr\u00e9mio Hermann Hesse da cidade de Calw.<\/p>\n\n\n\n<p><strong>Eduardo Sterzi<\/strong>, nascido em 1973 em Porto Alegre, Brasil, \u00e9 poeta, jornalista e professor de teoria liter\u00e1ria na Universidade Estadual de Campinas. Entre suas publica\u00e7\u00f5es est\u00e3o obras ensa\u00edsticas <em>Por que ler Dante<\/em> (2008) ou <em>A prova dos nove: alguma poesia moderna e a tarefa da alegria<\/em> (2008), al\u00e9m de colet\u00e2neas de poesia como <em>Aleij\u00e3o<\/em> (2009), <em>Cavalo sopa martelo<\/em> (2011) e <em>Maus poemas<\/em> (2016).<\/p>\n\n\n\n<p><strong>Lu\u00edsa Costa H\u00f6lzl<\/strong>, nascida em Lisboa em 1956, vive em Munique, onde se dedica \u00e0 promo\u00e7\u00e3o das culturas e literaturas lus\u00f3fonas. Editora de antologias liter\u00e1rias, publicista e professora de portugu\u00eas (Universidade de Munique, Universidade Popular de Munique).<\/p>\n","protected":false},"excerpt":{"rendered":"<p>As poetas portuguesas Ana Lu\u00edsa Amaral e Ad\u00edlia Lopes morreram demasiado cedo e os seus poemas continuam, na Alemanha, quase desconhecidos, por\u00e9m lidos e recomendados por entusiastas. Ambas trabalharam com a linguagem quotidiana, usando de uma simplicidade simultaneamente perigosa e enganadora. <\/p>\n<p>Lusofonia tem o prazer de apresentar Ana Lu\u00edsa Amaral e Ad\u00edlia Lopes, juntamente com os dois tradutores Odile Kennel e Michael Kegler, bem como o poeta e investigador brasileiro Eduardo Sterzi, no Lyrik Kabinett. <\/p>\n","protected":false},"author":5,"featured_media":2503,"template":"","meta":{"_acf_changed":true,"inline_featured_image":false},"categories":[33],"autor":[409,408,410,206,195,166],"land":[72,43],"jahr":[379],"acf":[],"_links":{"self":[{"href":"https:\/\/www.lusofonia-muenchen.de\/pt\/wp-json\/wp\/v2\/termin\/2506"}],"collection":[{"href":"https:\/\/www.lusofonia-muenchen.de\/pt\/wp-json\/wp\/v2\/termin"}],"about":[{"href":"https:\/\/www.lusofonia-muenchen.de\/pt\/wp-json\/wp\/v2\/types\/termin"}],"author":[{"embeddable":true,"href":"https:\/\/www.lusofonia-muenchen.de\/pt\/wp-json\/wp\/v2\/users\/5"}],"wp:featuredmedia":[{"embeddable":true,"href":"https:\/\/www.lusofonia-muenchen.de\/pt\/wp-json\/wp\/v2\/media\/2503"}],"wp:attachment":[{"href":"https:\/\/www.lusofonia-muenchen.de\/pt\/wp-json\/wp\/v2\/media?parent=2506"}],"wp:term":[{"taxonomy":"category","embeddable":true,"href":"https:\/\/www.lusofonia-muenchen.de\/pt\/wp-json\/wp\/v2\/categories?post=2506"},{"taxonomy":"autor","embeddable":true,"href":"https:\/\/www.lusofonia-muenchen.de\/pt\/wp-json\/wp\/v2\/autor?post=2506"},{"taxonomy":"land","embeddable":true,"href":"https:\/\/www.lusofonia-muenchen.de\/pt\/wp-json\/wp\/v2\/land?post=2506"},{"taxonomy":"jahr","embeddable":true,"href":"https:\/\/www.lusofonia-muenchen.de\/pt\/wp-json\/wp\/v2\/jahr?post=2506"}],"curies":[{"name":"wp","href":"https:\/\/api.w.org\/{rel}","templated":true}]}}